{"id":150,"date":"2020-04-24T15:46:08","date_gmt":"2020-04-24T13:46:08","guid":{"rendered":"https:\/\/admin.antrez.pl:44344\/cmr\/?page_id=150"},"modified":"2026-04-16T13:43:22","modified_gmt":"2026-04-16T11:43:22","slug":"godziny-przyjec","status":"publish","type":"page","link":"https:\/\/cmr.gumed.edu.pl\/en\/godziny-przyjec\/","title":{"rendered":"Godziny przyj\u0119\u0107"},"content":{"rendered":"<div data-elementor-type=\"wp-page\" data-elementor-id=\"150\" class=\"elementor elementor-150\">\n\t\t\t\t\t\t<section class=\"elementor-section elementor-top-section elementor-element elementor-element-951d7f3 elementor-section-boxed elementor-section-height-default elementor-section-height-default\" data-id=\"951d7f3\" data-element_type=\"section\">\n\t\t\t\t\t\t<div class=\"elementor-container elementor-column-gap-default\">\n\t\t\t\t\t<div class=\"elementor-column elementor-col-100 elementor-top-column elementor-element elementor-element-29abda6\" data-id=\"29abda6\" data-element_type=\"column\">\n\t\t\t<div class=\"elementor-widget-wrap elementor-element-populated\">\n\t\t\t\t\t\t<div class=\"elementor-element elementor-element-7da66af elementor-widget elementor-widget-heading\" data-id=\"7da66af\" data-element_type=\"widget\" data-widget_type=\"heading.default\">\n\t\t\t\t<div class=\"elementor-widget-container\">\n\t\t\t\t\t<h1 class=\"elementor-heading-title elementor-size-default\">Godziny przyj\u0119\u0107 w Centrum Medycyny Rodzinnej Gda\u0144skiego Uniwersytetu Medycznego<\/h1>\t\t\t\t<\/div>\n\t\t\t\t<\/div>\n\t\t\t\t\t<\/div>\n\t\t<\/div>\n\t\t\t\t\t<\/div>\n\t\t<\/section>\n\t\t\t\t<section class=\"elementor-section elementor-top-section elementor-element elementor-element-b47ca5d elementor-section-boxed elementor-section-height-default elementor-section-height-default\" data-id=\"b47ca5d\" data-element_type=\"section\">\n\t\t\t\t\t\t<div class=\"elementor-container elementor-column-gap-default\">\n\t\t\t\t\t<div class=\"elementor-column elementor-col-100 elementor-top-column elementor-element elementor-element-847bbcc\" data-id=\"847bbcc\" data-element_type=\"column\">\n\t\t\t<div class=\"elementor-widget-wrap elementor-element-populated\">\n\t\t\t\t\t\t<div class=\"elementor-element elementor-element-1822f94 elementor-widget elementor-widget-text-editor\" data-id=\"1822f94\" data-element_type=\"widget\" data-widget_type=\"text-editor.default\">\n\t\t\t\t<div class=\"elementor-widget-container\">\n\t\t\t\t\t\t\t\t\t<p style=\"line-height: 24px; padding: 10px; background-color: #f0f0f0f0; text-align: center; color: #023f87; border: 1px solid #023F87;\"><strong>Poradnia Podstawowej Opieki Zdrowotnej<\/strong><br \/>od poniedzia\u0142ku do pi\u0105tku: 8:00 &#8211; 18:00<br \/>rejestracja tel. <b>58 349 16 08<\/b>, kom. <b>537 940 193<\/b>, fax 58 349-16-04<br \/>rejestracja tel. od godz. 8:00, rejestracja osobista od godz. 7:45<br \/>e-mail: <b>rejestracjacmr@gumed.edu.pl<\/b><\/p>\t\t\t\t\t\t\t\t<\/div>\n\t\t\t\t<\/div>\n\t\t\t\t\t<\/div>\n\t\t<\/div>\n\t\t\t\t\t<\/div>\n\t\t<\/section>\n\t\t\t\t<section class=\"elementor-section elementor-top-section elementor-element elementor-element-5502d88 elementor-section-full_width elementor-section-content-middle elementor-section-height-default elementor-section-height-default\" data-id=\"5502d88\" data-element_type=\"section\">\n\t\t\t\t\t\t<div class=\"elementor-container elementor-column-gap-default\">\n\t\t\t\t\t<div class=\"elementor-column elementor-col-100 elementor-top-column elementor-element elementor-element-802fdd7\" data-id=\"802fdd7\" data-element_type=\"column\">\n\t\t\t<div class=\"elementor-widget-wrap elementor-element-populated\">\n\t\t\t\t\t\t<div class=\"elementor-element elementor-element-189971d elementor-widget elementor-widget-text-editor\" data-id=\"189971d\" data-element_type=\"widget\" data-widget_type=\"text-editor.default\">\n\t\t\t\t<div class=\"elementor-widget-container\">\n\t\t\t\t\t\t\t\t\t<table width=\"100\"><tbody><tr><td style=\"text-align: center;\" colspan=\"6\"><span style=\"color: #023f87;\"><strong>HARMONOGRAM PRACY PORADNI POZ<\/strong><\/span><\/td><\/tr><tr><td width=\"30%\"><strong>Imi\u0119 i nazwisko lekarza<\/strong><\/td><td style=\"text-align: center;\" width=\"14%\"><strong>Poniedz.<\/strong><\/td><td style=\"text-align: center;\" width=\"14%\"><strong>Wtorek<\/strong><\/td><td style=\"text-align: center;\" width=\"14%\"><strong>\u015aroda<\/strong><\/td><td style=\"text-align: center;\" width=\"14%\"><strong>Czwartek<\/strong><\/td><td style=\"text-align: center;\" width=\"14%\"><strong>Pi\u0105tek<\/strong><\/td><\/tr><tr><td width=\"30%\">PIOTR GUTKNECHT<\/td><td style=\"text-align: center;\" width=\"14%\">09:00-14:00<\/td><td style=\"text-align: center;\" width=\"14%\">13:00-18:00<\/td><td style=\"text-align: center;\" width=\"14%\">09:00-14:00<\/td><td style=\"text-align: center;\" width=\"14%\">13:00-18:00<\/td><td style=\"text-align: center;\" width=\"14%\">13:00-14:00<\/td><\/tr><tr><td width=\"30%\">IZABELA MISZTAK-KULA<\/td><td style=\"text-align: center;\" width=\"14%\">08:00-14:00<\/td><td style=\"text-align: center;\" width=\"14%\">08:00-14:00<\/td><td style=\"text-align: center;\" width=\"14%\">12:00-18:00<\/td><td style=\"text-align: center;\" width=\"14%\">08:00-14:00<\/td><td style=\"text-align: center;\" width=\"14%\">08:00-14:00<\/td><\/tr><tr><td width=\"30%\">MILENA DYBOWSKA<\/td><td style=\"text-align: center;\" width=\"14%\">08:00-14:00<\/td><td style=\"text-align: center;\" width=\"14%\">14:00-18:00<\/td><td style=\"text-align: center;\" width=\"14%\">08:00-14:00<\/td><td style=\"text-align: center;\" width=\"14%\">08:00-14:00<\/td><td style=\"text-align: center;\" width=\"14%\">08:00-14:00<\/td><\/tr><tr><td width=\"30%\">ROBERT SKIBINSKI<\/td><td style=\"text-align: center;\" width=\"14%\">08:00-14:00<\/td><td style=\"text-align: center;\" width=\"14%\">08:00-14:00<\/td><td style=\"text-align: center;\" width=\"14%\">08:00-14:00<\/td><td style=\"text-align: center;\" width=\"14%\">12:00-18:00<\/td><td style=\"text-align: center;\" width=\"14%\">08:00-14:00<\/td><\/tr><tr><td width=\"30%\">BARTOSZ TRZECIAK<\/td><td style=\"text-align: center;\" width=\"14%\">08:00-10:30<\/td><td style=\"text-align: center;\" width=\"14%\">12:00-18:00<\/td><td style=\"text-align: center;\" width=\"14%\">\u00a0<\/td><td style=\"text-align: center;\" width=\"14%\">08:00-12:30<\/td><td style=\"text-align: center;\" width=\"14%\">08:00-12:30<\/td><\/tr><tr><td width=\"30%\">MAGDALENA TOMASZEWSKA-CZERKAS<\/td><td style=\"text-align: center;\" width=\"14%\">15:00-18:00<\/td><td style=\"text-align: center;\" width=\"14%\">15:00-18:00<\/td><td style=\"text-align: center;\" width=\"14%\">15:00-18:00<\/td><td style=\"text-align: center;\" width=\"14%\">15:00-18:00<\/td><td style=\"text-align: center;\" width=\"14%\">15:00-18:00<\/td><\/tr><tr><td width=\"30%\">KAJETAN ZAJ\u0104C<\/td><td style=\"text-align: center;\" width=\"14%\">08:00-13:45<\/td><td style=\"text-align: center;\" width=\"14%\">08:00-13:45<\/td><td style=\"text-align: center;\" width=\"14%\">12:00-18:00<\/td><td style=\"text-align: center;\" width=\"14%\">08:00-13:45<\/td><td style=\"text-align: center;\" width=\"14%\">08:00-13:45<\/td><\/tr><tr><td width=\"30%\">KAMILA \u017bUCHOWSKA<\/td><td style=\"text-align: center;\" width=\"14%\">12:00-18:00<\/td><td style=\"text-align: center;\" width=\"14%\">08:00-14:00<\/td><td style=\"text-align: center;\" width=\"14%\">08:00-14:00<\/td><td style=\"text-align: center;\" width=\"14%\">08:00-14:00<\/td><td style=\"text-align: center;\" width=\"14%\">08:00-14:00<\/td><\/tr><tr><td width=\"30%\">DOMINIKA DUCHNEVIC<\/td><td style=\"text-align: center;\" width=\"14%\">15:40-18:00<\/td><td style=\"text-align: center;\" width=\"14%\">&#8211;<\/td><td style=\"text-align: center;\" width=\"14%\">&#8211;<\/td><td style=\"text-align: center;\" width=\"14%\">&#8211;<\/td><td style=\"text-align: center;\" width=\"14%\">15:40-18:00<\/td><\/tr><tr><td width=\"30%\">TOBIAS MACIEJEWSKI<\/td><td style=\"text-align: center;\" width=\"14%\">08:00-14:00<\/td><td style=\"text-align: center;\" width=\"14%\">08:00-14:00<\/td><td style=\"text-align: center;\" width=\"14%\">12:00-18:00<\/td><td style=\"text-align: center;\" width=\"14%\">08:00-14:00<\/td><td style=\"text-align: center;\" width=\"14%\">08:00-14:00<\/td><\/tr><tr><td width=\"30%\">WIKTOR FELIKSIAK<\/td><td style=\"text-align: center;\" width=\"14%\">14:00-18:00<\/td><td style=\"text-align: center;\" width=\"14%\">14:00-18:00<\/td><td style=\"text-align: center;\" width=\"14%\">14:00-18:00<\/td><td style=\"text-align: center;\" width=\"14%\">14:00-18:00<\/td><td style=\"text-align: center;\" width=\"14%\">14:00-18:00<\/td><\/tr><tr><td width=\"30%\">PATRYK LISOVSKI<\/td><td style=\"text-align: center;\" width=\"14%\">15:00-18:00<\/td><td style=\"text-align: center;\" width=\"14%\">15:00-18:00<\/td><td style=\"text-align: center;\" width=\"14%\">15:00-18:00<\/td><td style=\"text-align: center;\" width=\"14%\">15:00-18:00<\/td><td style=\"text-align: center;\" width=\"14%\">15:00-18:00<\/td><\/tr><tr><td width=\"30%\">PAWE\u0141 PUSTU\u0141A<\/td><td style=\"text-align: center;\" width=\"14%\">08:00-14:00<\/td><td style=\"text-align: center;\" width=\"14%\">08:00-14:00<\/td><td style=\"text-align: center;\" width=\"14%\">08:00-14:00<\/td><td style=\"text-align: center;\" width=\"14%\">08:00-14:00<\/td><td style=\"text-align: center;\" width=\"14%\">14:00-18:00<\/td><\/tr><tr><td width=\"30%\">ALEKSANDRA BIA\u0141AS<\/td><td style=\"text-align: center;\" width=\"14%\">08:00-14:00<\/td><td style=\"text-align: center;\" width=\"14%\">14:00-18:00<\/td><td style=\"text-align: center;\" width=\"14%\">08:00-14:00<\/td><td style=\"text-align: center;\" width=\"14%\">08:00-14:00<\/td><td style=\"text-align: center;\" width=\"14%\">08:00-14:00<\/td><\/tr><\/tbody><\/table>\t\t\t\t\t\t\t\t<\/div>\n\t\t\t\t<\/div>\n\t\t\t\t\t<\/div>\n\t\t<\/div>\n\t\t\t\t\t<\/div>\n\t\t<\/section>\n\t\t\t\t<section class=\"elementor-section elementor-top-section elementor-element elementor-element-25181bb elementor-section-boxed elementor-section-height-default elementor-section-height-default\" data-id=\"25181bb\" data-element_type=\"section\">\n\t\t\t\t\t\t<div class=\"elementor-container elementor-column-gap-default\">\n\t\t\t\t\t<div class=\"elementor-column elementor-col-100 elementor-top-column elementor-element elementor-element-33b5dc1\" data-id=\"33b5dc1\" data-element_type=\"column\">\n\t\t\t<div class=\"elementor-widget-wrap elementor-element-populated\">\n\t\t\t\t\t\t<div class=\"elementor-element elementor-element-7da1957 elementor-widget elementor-widget-text-editor\" data-id=\"7da1957\" data-element_type=\"widget\" data-widget_type=\"text-editor.default\">\n\t\t\t\t<div class=\"elementor-widget-container\">\n\t\t\t\t\t\t\t\t\t<table width=\"100%\"><tbody><tr><td style=\"text-align: center;\" colspan=\"6\" width=\"100%\"><span style=\"color: #023f87;\"><strong>HARMONOGRAM WIZYT DOMOWYCH<\/strong><\/span><\/td><\/tr><tr><td style=\"text-align: left;\" width=\"30%\"><strong>Imi\u0119 i nazwisko lekarza<\/strong><\/td><td style=\"text-align: center;\" width=\"79\"><strong>Poniedz.<\/strong><\/td><td style=\"text-align: center;\" width=\"79\"><strong>Wtorek<\/strong><\/td><td style=\"text-align: center;\" width=\"75\"><strong>\u015aroda<\/strong><\/td><td style=\"text-align: center;\" width=\"79\"><strong>Czwartek<\/strong><\/td><td style=\"text-align: center;\" width=\"79\"><strong>Pi\u0105tek<\/strong><\/td><\/tr><tr><td width=\"232\">PIOTR GUTKNECHT<\/td><td style=\"text-align: center;\" width=\"79\">08:00-09.00<\/td><td style=\"text-align: center;\" width=\"79\">12:00-13:00<\/td><td style=\"text-align: center;\" width=\"75\">08:00-09:00<\/td><td style=\"text-align: center;\" width=\"79\">12:00-13:00<\/td><td style=\"text-align: center;\" width=\"79\">12:00-13:00<\/td><\/tr><tr><td width=\"232\">IZABELLA MISZTAK-KULA<\/td><td style=\"text-align: center;\" width=\"79\">14:00-15:35<\/td><td style=\"text-align: center;\" width=\"79\">14:00-15:35<\/td><td style=\"text-align: center;\" width=\"79\">10:25-12:00<\/td><td style=\"text-align: center;\" width=\"79\">14:00-15:35<\/td><td style=\"text-align: center;\" width=\"79\">14:00-15:35<\/td><\/tr><tr><td width=\"232\">ROBERT SKIBI\u0143SKI<\/td><td style=\"text-align: center;\" width=\"79\">14:00-15:35<\/td><td style=\"text-align: center;\" width=\"79\">14:00-15:35<\/td><td style=\"text-align: center;\" width=\"79\">14:00-15:35<\/td><td style=\"text-align: center;\" width=\"79\">10:25-12:00<\/td><td style=\"text-align: center;\" width=\"79\">14:00-15:35<\/td><\/tr><tr><td width=\"232\">MILENA DYBOWSKA<\/td><td style=\"text-align: center;\" width=\"79\">14:00-15:35<\/td><td style=\"text-align: center;\" width=\"79\">12:00-14.00<\/td><td style=\"text-align: center;\" width=\"79\">14:00-15:35<\/td><td style=\"text-align: center;\" width=\"79\">14.00-15:35<\/td><td style=\"text-align: center;\" width=\"79\">14:00-15:35<\/td><\/tr><tr><td width=\"232\">TOBIAS MACIEJEWSKI<\/td><td style=\"text-align: center;\" width=\"79\">14:00-15:35<\/td><td style=\"text-align: center;\" width=\"79\">14:00-15:35<\/td><td style=\"text-align: center;\" width=\"79\">10:25-12:00<\/td><td style=\"text-align: center;\" width=\"79\">14:00-15:35<\/td><td style=\"text-align: center;\" width=\"79\">14:00-15:35<\/td><\/tr><tr><td width=\"30%\">PAWE\u0141 PUSTU\u0141A<\/td><td style=\"text-align: center;\" width=\"14%\">14:00-15:35<\/td><td style=\"text-align: center;\" width=\"14%\">14:00-15:35<\/td><td style=\"text-align: center;\" width=\"14%\">14:00-15:35<\/td><td style=\"text-align: center;\" width=\"14%\">14:00-15:35<\/td><td style=\"text-align: center;\" width=\"14%\">10:25-12:00<\/td><\/tr><tr><td width=\"30%\">KAMILA \u017bUCHOWSKA<\/td><td style=\"text-align: center;\" width=\"14%\">10:00-12:00<\/td><td style=\"text-align: center;\" width=\"14%\">14:00-15:35<\/td><td style=\"text-align: center;\" width=\"14%\">14:00-15:35<\/td><td style=\"text-align: center;\" width=\"14%\">14:00-15:35<\/td><td style=\"text-align: center;\" width=\"14%\">14:00-15:35<\/td><\/tr><tr><td width=\"30%\">ALEKSANDRA BIA\u0141AS<\/td><td style=\"text-align: center;\" width=\"14%\">14:00-15:35<\/td><td style=\"text-align: center;\" width=\"14%\">10:25-12:00<\/td><td style=\"text-align: center;\" width=\"14%\">14:00-15:35<\/td><td style=\"text-align: center;\" width=\"14%\">14:00-15:35<\/td><td style=\"text-align: center;\" width=\"14%\">14:00-15:35<\/td><\/tr><\/tbody><\/table>\t\t\t\t\t\t\t\t<\/div>\n\t\t\t\t<\/div>\n\t\t\t\t\t<\/div>\n\t\t<\/div>\n\t\t\t\t\t<\/div>\n\t\t<\/section>\n\t\t\t\t<section class=\"elementor-section elementor-top-section elementor-element elementor-element-fe91b48 elementor-section-boxed elementor-section-height-default elementor-section-height-default\" data-id=\"fe91b48\" data-element_type=\"section\">\n\t\t\t\t\t\t<div class=\"elementor-container elementor-column-gap-default\">\n\t\t\t\t\t<div class=\"elementor-column elementor-col-100 elementor-top-column elementor-element elementor-element-62ec03e\" data-id=\"62ec03e\" data-element_type=\"column\">\n\t\t\t<div class=\"elementor-widget-wrap elementor-element-populated\">\n\t\t\t\t\t\t<div class=\"elementor-element elementor-element-bf7089d elementor-widget elementor-widget-text-editor\" data-id=\"bf7089d\" data-element_type=\"widget\" data-widget_type=\"text-editor.default\">\n\t\t\t\t<div class=\"elementor-widget-container\">\n\t\t\t\t\t\t\t\t\t<p style=\"line-height: 24px; padding: 10px; background-color: #f0f0f0f0; text-align: center; color: #023f87; border: 1px solid #023F87;\"><strong>Poradnia Ginekologiczna- Po\u0142o\u017cnicza<br \/><\/strong>Prosimy o wcze\u015bniejsze umawianie termin\u00f3w wizyt ze wzgl\u0119du na ograniczon\u0105 ilo\u015b\u0107 porad, osobi\u015bcie lub telefonicznie: <strong>58 349 16 08<\/strong> <br \/>od poniedzia\u0142ku do pi\u0105tku od 8:00 do 18:00<\/p><p style=\"line-height: 24px; padding: 10px; background-color: #f0f0f0; text-align: center; border: 1px solid #023f87;\"><b style=\"color: #023f87;\">Gabinet zabiegowy<br \/><\/b><span style=\"color: #023f87;\">od poniedzia\u0142ku do pi\u0105tku: 8:00 &#8211; 18:00<br \/><\/span><span style=\"color: #023f87;\">tel. <strong>58 349 16 02<\/strong><\/span><\/p><p style=\"line-height: 20px; padding: 10px; background-color: #f0f0f0; text-align: center; border: 1px solid #023f87;\"><b style=\"color: #023f87;\">Punkt pobra\u0144<br \/><\/b><span style=\"color: #023f87;\">od poniedzia\u0142ku do pi\u0105tku: 7:30 &#8211; 9:45<br \/>Na <strong>krzyw\u0105 cukrow\u0105<\/strong> prosimy o obecno\u015b\u0107 o godz. 7:30<br \/><\/span><\/p><p style=\"line-height: 24px; padding: 10px; background-color: #f0f0f0; text-align: center; color: #023f87; border: 1px solid #023f87;\"><b>Poradnia Medycyny Pracy<br \/><\/b><strong>Rejestracja do lekarza medycyny pracy<\/strong> (wydawanie skierowa\u0144, ustalanie terminu wizyty lekarskiej)<b><br \/><\/b>Rejestracja <b>osobista<\/b><br \/>poniedzia\u0142ek, \u015broda, pi\u0105tek: 7:45 \u2013 8:20 oraz 11:30 \u2013 13:30<br \/>wtorek, czwartek: 7:45 \u2013 9:00 oraz 11:30 \u2013 13:30<\/p><h3>Opieka nocna i \u015bwi\u0105teczna<\/h3><p>Nocna i \u015bwi\u0105teczna ambulatoryjna opieka lekarska, nocna i \u015bwi\u0105teczna wyjazdowa opieka lekarska:<br \/>poniedzia\u0142ek &#8211; pi\u0105tek 18.00-8.00,<br \/>w soboty, niedziel\u0119 oraz w \u015bwi\u0119ta- przez ca\u0142\u0105 dob\u0119.<br \/><a href=\"https:\/\/nfz-gdansk.pl\/uploads\/files\/01_02_2022_NOCH.pdf\">WYKAZ PLAC\u00d3WEK<\/a><\/p><h3>Ratownictwo medyczne<\/h3><p>Zesp\u00f3\u0142 ratownictwa medycznego s\u0142u\u017cy do udzielania \u015bwiadcze\u0144 w stanie nag\u0142ego zagro\u017cenia \u017cycia lub zdrowia &#8211; w razie wypadku, urazu, porodu, nag\u0142ego zachorowania lub nag\u0142ego pogorszenia stanu zdrowia.<\/p><p><b>Zesp\u00f3\u0142 ratownictwa medycznego mo\u017cna wezwa\u0107 dzwoni\u0105c pod numer 999 lub 112 z telefonu kom\u00f3rkowego.<\/b><\/p>\t\t\t\t\t\t\t\t<\/div>\n\t\t\t\t<\/div>\n\t\t\t\t\t<\/div>\n\t\t<\/div>\n\t\t\t\t\t<\/div>\n\t\t<\/section>\n\t\t\t\t<\/div>","protected":false},"excerpt":{"rendered":"<p>Godziny przyj\u0119\u0107 w Centrum Medycyny Rodzinnej Gda\u0144skiego Uniwersytetu Medycznego Poradnia Podstawowej Opieki Zdrowotnejod poniedzia\u0142ku do pi\u0105tku: 8:00 &#8211; 18:00rejestracja tel. 58 349 16 08, kom. 537 940 193, fax 58 349-16-04rejestracja tel. od godz. 8:00, rejestracja osobista od godz. 7:45e-mail: rejestracjacmr@gumed.edu.pl HARMONOGRAM PRACY PORADNI POZ Imi\u0119 i nazwisko lekarza Poniedz. Wtorek \u015aroda Czwartek Pi\u0105tek PIOTR &hellip;<\/p>\n<p class=\"read-more\"> <a class=\"\" href=\"https:\/\/cmr.gumed.edu.pl\/en\/godziny-przyjec\/\"> <span class=\"screen-reader-text\">Godziny przyj\u0119\u0107<\/span> Read More &raquo;<\/a><\/p>","protected":false},"author":2,"featured_media":0,"parent":0,"menu_order":0,"comment_status":"closed","ping_status":"closed","template":"","meta":{"site-sidebar-layout":"no-sidebar","site-content-layout":"content-boxed-container","ast-site-content-layout":"","site-content-style":"default","site-sidebar-style":"default","ast-global-header-display":"","ast-banner-title-visibility":"","ast-main-header-display":"","ast-hfb-above-header-display":"","ast-hfb-below-header-display":"","ast-hfb-mobile-header-display":"","site-post-title":"","ast-breadcrumbs-content":"","ast-featured-img":"disabled","footer-sml-layout":"","theme-transparent-header-meta":"default","adv-header-id-meta":"","stick-header-meta":"","header-above-stick-meta":"","header-main-stick-meta":"","header-below-stick-meta":"","astra-migrate-meta-layouts":"","ast-page-background-enabled":"default","ast-page-background-meta":{"desktop":{"background-color":"","background-image":"","background-repeat":"repeat","background-position":"center center","background-size":"auto","background-attachment":"scroll","background-type":"","background-media":"","overlay-type":"","overlay-color":"","overlay-gradient":""},"tablet":{"background-color":"","background-image":"","background-repeat":"repeat","background-position":"center center","background-size":"auto","background-attachment":"scroll","background-type":"","background-media":"","overlay-type":"","overlay-color":"","overlay-gradient":""},"mobile":{"background-color":"","background-image":"","background-repeat":"repeat","background-position":"center center","background-size":"auto","background-attachment":"scroll","background-type":"","background-media":"","overlay-type":"","overlay-color":"","overlay-gradient":""}},"ast-content-background-meta":{"desktop":{"background-color":"var(--ast-global-color-5)","background-image":"","background-repeat":"repeat","background-position":"center center","background-size":"auto","background-attachment":"scroll","background-type":"","background-media":"","overlay-type":"","overlay-color":"","overlay-gradient":""},"tablet":{"background-color":"var(--ast-global-color-5)","background-image":"","background-repeat":"repeat","background-position":"center center","background-size":"auto","background-attachment":"scroll","background-type":"","background-media":"","overlay-type":"","overlay-color":"","overlay-gradient":""},"mobile":{"background-color":"var(--ast-global-color-5)","background-image":"","background-repeat":"repeat","background-position":"center center","background-size":"auto","background-attachment":"scroll","background-type":"","background-media":"","overlay-type":"","overlay-color":"","overlay-gradient":""}},"footnotes":""},"yoast_head":"<!-- This site is optimized with the Yoast SEO plugin v22.6 - https:\/\/yoast.com\/wordpress\/plugins\/seo\/ -->\n<title>Godziny przyj\u0119\u0107 &#8902; Centrum Medycyny Rodzinnej Gda\u0144skiego Uniwersytetu Medycznego<\/title>\n<meta name=\"robots\" content=\"index, follow, max-snippet:-1, max-image-preview:large, max-video-preview:-1\" \/>\n<link rel=\"canonical\" href=\"https:\/\/cmr.gumed.edu.pl\/en\/godziny-przyjec\/\" \/>\n<meta property=\"og:locale\" content=\"en_US\" \/>\n<meta property=\"og:type\" content=\"article\" \/>\n<meta property=\"og:title\" content=\"Godziny przyj\u0119\u0107 &#8902; Centrum Medycyny Rodzinnej Gda\u0144skiego Uniwersytetu Medycznego\" \/>\n<meta property=\"og:description\" content=\"Godziny przyj\u0119\u0107 w Centrum Medycyny Rodzinnej Gda\u0144skiego Uniwersytetu Medycznego Poradnia Podstawowej Opieki Zdrowotnejod poniedzia\u0142ku do pi\u0105tku: 8:00 &#8211; 18:00rejestracja tel. 58 349 16 08, kom. 537 940 193, fax 58 349-16-04rejestracja tel. od godz. 8:00, rejestracja osobista od godz. 7:45e-mail: rejestracjacmr@gumed.edu.pl HARMONOGRAM PRACY PORADNI POZ Imi\u0119 i nazwisko lekarza Poniedz. Wtorek \u015aroda Czwartek Pi\u0105tek PIOTR &hellip; Godziny przyj\u0119\u0107 Read More &raquo;\" \/>\n<meta property=\"og:url\" content=\"https:\/\/cmr.gumed.edu.pl\/en\/godziny-przyjec\/\" \/>\n<meta property=\"og:site_name\" content=\"Centrum Medycyny Rodzinnej Gda\u0144skiego Uniwersytetu Medycznego\" \/>\n<meta property=\"article:modified_time\" content=\"2026-04-16T11:43:22+00:00\" \/>\n<meta name=\"twitter:card\" content=\"summary_large_image\" \/>\n<meta name=\"twitter:label1\" content=\"Est. reading time\" \/>\n\t<meta name=\"twitter:data1\" content=\"2 minutes\" \/>\n<script type=\"application\/ld+json\" class=\"yoast-schema-graph\">{\"@context\":\"https:\/\/schema.org\",\"@graph\":[{\"@type\":\"WebPage\",\"@id\":\"https:\/\/cmr.gumed.edu.pl\/godziny-przyjec\/\",\"url\":\"https:\/\/cmr.gumed.edu.pl\/godziny-przyjec\/\",\"name\":\"Godziny przyj\u0119\u0107 &#8902; Centrum Medycyny Rodzinnej Gda\u0144skiego Uniwersytetu Medycznego\",\"isPartOf\":{\"@id\":\"https:\/\/cmr.gumed.edu.pl\/#website\"},\"datePublished\":\"2020-04-24T13:46:08+00:00\",\"dateModified\":\"2026-04-16T11:43:22+00:00\",\"breadcrumb\":{\"@id\":\"https:\/\/cmr.gumed.edu.pl\/godziny-przyjec\/#breadcrumb\"},\"inLanguage\":\"en-US\",\"potentialAction\":[{\"@type\":\"ReadAction\",\"target\":[\"https:\/\/cmr.gumed.edu.pl\/godziny-przyjec\/\"]}]},{\"@type\":\"BreadcrumbList\",\"@id\":\"https:\/\/cmr.gumed.edu.pl\/godziny-przyjec\/#breadcrumb\",\"itemListElement\":[{\"@type\":\"ListItem\",\"position\":1,\"name\":\"Strona g\u0142\u00f3wna\",\"item\":\"https:\/\/cmr.gumed.edu.pl\/\"},{\"@type\":\"ListItem\",\"position\":2,\"name\":\"Godziny przyj\u0119\u0107\"}]},{\"@type\":\"WebSite\",\"@id\":\"https:\/\/cmr.gumed.edu.pl\/#website\",\"url\":\"https:\/\/cmr.gumed.edu.pl\/\",\"name\":\"Centrum Medycyny Rodzinnej\",\"description\":\"Centrum Medycyny Rodzinnej Gda\u0144skiego Uniwersytetu Medycznego\",\"publisher\":{\"@id\":\"https:\/\/cmr.gumed.edu.pl\/#organization\"},\"potentialAction\":[{\"@type\":\"SearchAction\",\"target\":{\"@type\":\"EntryPoint\",\"urlTemplate\":\"https:\/\/cmr.gumed.edu.pl\/?s={search_term_string}\"},\"query-input\":\"required name=search_term_string\"}],\"inLanguage\":\"en-US\"},{\"@type\":\"Organization\",\"@id\":\"https:\/\/cmr.gumed.edu.pl\/#organization\",\"name\":\"Centrum Medycyny Rodzinnej GUMed\",\"url\":\"https:\/\/cmr.gumed.edu.pl\/\",\"logo\":{\"@type\":\"ImageObject\",\"inLanguage\":\"en-US\",\"@id\":\"https:\/\/cmr.gumed.edu.pl\/#\/schema\/logo\/image\/\",\"url\":\"https:\/\/cmr.gumed.edu.pl\/wp-content\/uploads\/2021\/02\/GUMed_znak_PL_V_REG_polichromatyczny_negatyw_RGB.svg\",\"contentUrl\":\"https:\/\/cmr.gumed.edu.pl\/wp-content\/uploads\/2021\/02\/GUMed_znak_PL_V_REG_polichromatyczny_negatyw_RGB.svg\",\"width\":1,\"height\":1,\"caption\":\"Centrum Medycyny Rodzinnej GUMed\"},\"image\":{\"@id\":\"https:\/\/cmr.gumed.edu.pl\/#\/schema\/logo\/image\/\"}}]}<\/script>\n<!-- \/ Yoast SEO plugin. -->","yoast_head_json":{"title":"Godziny przyj\u0119\u0107 &#8902; Centrum Medycyny Rodzinnej Gda\u0144skiego Uniwersytetu Medycznego","robots":{"index":"index","follow":"follow","max-snippet":"max-snippet:-1","max-image-preview":"max-image-preview:large","max-video-preview":"max-video-preview:-1"},"canonical":"https:\/\/cmr.gumed.edu.pl\/en\/godziny-przyjec\/","og_locale":"en_US","og_type":"article","og_title":"Godziny przyj\u0119\u0107 &#8902; Centrum Medycyny Rodzinnej Gda\u0144skiego Uniwersytetu Medycznego","og_description":"Godziny przyj\u0119\u0107 w Centrum Medycyny Rodzinnej Gda\u0144skiego Uniwersytetu Medycznego Poradnia Podstawowej Opieki Zdrowotnejod poniedzia\u0142ku do pi\u0105tku: 8:00 &#8211; 18:00rejestracja tel. 58 349 16 08, kom. 537 940 193, fax 58 349-16-04rejestracja tel. od godz. 8:00, rejestracja osobista od godz. 7:45e-mail: rejestracjacmr@gumed.edu.pl HARMONOGRAM PRACY PORADNI POZ Imi\u0119 i nazwisko lekarza Poniedz. Wtorek \u015aroda Czwartek Pi\u0105tek PIOTR &hellip; Godziny przyj\u0119\u0107 Read More &raquo;","og_url":"https:\/\/cmr.gumed.edu.pl\/en\/godziny-przyjec\/","og_site_name":"Centrum Medycyny Rodzinnej Gda\u0144skiego Uniwersytetu Medycznego","article_modified_time":"2026-04-16T11:43:22+00:00","twitter_card":"summary_large_image","twitter_misc":{"Est. reading time":"2 minutes"},"schema":{"@context":"https:\/\/schema.org","@graph":[{"@type":"WebPage","@id":"https:\/\/cmr.gumed.edu.pl\/godziny-przyjec\/","url":"https:\/\/cmr.gumed.edu.pl\/godziny-przyjec\/","name":"Godziny przyj\u0119\u0107 &#8902; Centrum Medycyny Rodzinnej Gda\u0144skiego Uniwersytetu Medycznego","isPartOf":{"@id":"https:\/\/cmr.gumed.edu.pl\/#website"},"datePublished":"2020-04-24T13:46:08+00:00","dateModified":"2026-04-16T11:43:22+00:00","breadcrumb":{"@id":"https:\/\/cmr.gumed.edu.pl\/godziny-przyjec\/#breadcrumb"},"inLanguage":"en-US","potentialAction":[{"@type":"ReadAction","target":["https:\/\/cmr.gumed.edu.pl\/godziny-przyjec\/"]}]},{"@type":"BreadcrumbList","@id":"https:\/\/cmr.gumed.edu.pl\/godziny-przyjec\/#breadcrumb","itemListElement":[{"@type":"ListItem","position":1,"name":"Strona g\u0142\u00f3wna","item":"https:\/\/cmr.gumed.edu.pl\/"},{"@type":"ListItem","position":2,"name":"Godziny przyj\u0119\u0107"}]},{"@type":"WebSite","@id":"https:\/\/cmr.gumed.edu.pl\/#website","url":"https:\/\/cmr.gumed.edu.pl\/","name":"Family Medicine Center","description":"Centrum Medycyny Rodzinnej Gda\u0144skiego Uniwersytetu Medycznego","publisher":{"@id":"https:\/\/cmr.gumed.edu.pl\/#organization"},"potentialAction":[{"@type":"SearchAction","target":{"@type":"EntryPoint","urlTemplate":"https:\/\/cmr.gumed.edu.pl\/?s={search_term_string}"},"query-input":"required name=search_term_string"}],"inLanguage":"en-US"},{"@type":"Organization","@id":"https:\/\/cmr.gumed.edu.pl\/#organization","name":"Centrum Medycyny Rodzinnej GUMed","url":"https:\/\/cmr.gumed.edu.pl\/","logo":{"@type":"ImageObject","inLanguage":"en-US","@id":"https:\/\/cmr.gumed.edu.pl\/#\/schema\/logo\/image\/","url":"https:\/\/cmr.gumed.edu.pl\/wp-content\/uploads\/2021\/02\/GUMed_znak_PL_V_REG_polichromatyczny_negatyw_RGB.svg","contentUrl":"https:\/\/cmr.gumed.edu.pl\/wp-content\/uploads\/2021\/02\/GUMed_znak_PL_V_REG_polichromatyczny_negatyw_RGB.svg","width":1,"height":1,"caption":"Centrum Medycyny Rodzinnej GUMed"},"image":{"@id":"https:\/\/cmr.gumed.edu.pl\/#\/schema\/logo\/image\/"}}]}},"_links":{"self":[{"href":"https:\/\/cmr.gumed.edu.pl\/en\/wp-json\/wp\/v2\/pages\/150"}],"collection":[{"href":"https:\/\/cmr.gumed.edu.pl\/en\/wp-json\/wp\/v2\/pages"}],"about":[{"href":"https:\/\/cmr.gumed.edu.pl\/en\/wp-json\/wp\/v2\/types\/page"}],"author":[{"embeddable":true,"href":"https:\/\/cmr.gumed.edu.pl\/en\/wp-json\/wp\/v2\/users\/2"}],"replies":[{"embeddable":true,"href":"https:\/\/cmr.gumed.edu.pl\/en\/wp-json\/wp\/v2\/comments?post=150"}],"version-history":[{"count":604,"href":"https:\/\/cmr.gumed.edu.pl\/en\/wp-json\/wp\/v2\/pages\/150\/revisions"}],"predecessor-version":[{"id":2807,"href":"https:\/\/cmr.gumed.edu.pl\/en\/wp-json\/wp\/v2\/pages\/150\/revisions\/2807"}],"wp:attachment":[{"href":"https:\/\/cmr.gumed.edu.pl\/en\/wp-json\/wp\/v2\/media?parent=150"}],"curies":[{"name":"wp","href":"https:\/\/api.w.org\/{rel}","templated":true}]}}